{"id":472,"date":"2012-10-14T17:07:40","date_gmt":"2012-10-14T17:07:40","guid":{"rendered":"http:\/\/salinasdefuencaliente.es\/?page_id=472"},"modified":"2024-03-18T11:53:48","modified_gmt":"2024-03-18T11:53:48","slug":"produkte","status":"publish","type":"page","link":"https:\/\/salinasdefuencaliente.es\/de\/produkte\/","title":{"rendered":"Produkte"},"content":{"rendered":"<section class=\"wpb-content-wrapper\"><p>[vc_row][vc_column][vc_single_image image=&#8220;2042&#8243; img_size=&#8220;full&#8220;][vc_empty_space][\/vc_column][\/vc_row][vc_row full_width=&#8220;stretch_row&#8220; type=&#8220;grid&#8220;][vc_column][vc_empty_space][vc_column_text]<\/p>\n<h2 style=\"text-align: center;\">Das Meersalz bildet eines der best\u00e4ndigsten Elemente in der Ern\u00e4hrungsgeschichte schon seit pr\u00e4historischer Zeit.<\/h2>\n<p>[\/vc_column_text][vc_column_text css=&#8220;.vc_custom_1669716897439{padding-top: 50px !important;padding-bottom: 50px !important;}&#8220;]<\/p>\n<p style=\"text-align: justify;\">Insbesondere als Speisew\u00fcrze in der Schonkost, aber auch als Konservierungsmittel f\u00fcr verderbliche Lebensmittel wie Fleisch und Fisch fand das Meersalz seit jeher Anwendung.<\/p>\n<p>&nbsp;<\/p>\n<p style=\"text-align: justify;\">Die nat\u00fcrliche Gewinnung von Meersalz, d.h. das allm\u00e4hliche Verdampfen des Wassers durch Sonneneinstrahlung als einziger Witterungseinfluss, garantiert diesem voll\u00f6kologischen Produkt die best\u00e4ndige Qualit\u00e4t.<\/p>\n<p>&nbsp;<\/p>\n<p style=\"text-align: justify;\">Im Gegensatz zu industrialisierter Salzgewinnung grosser Salinen, die eine einzige Salzernte pro Jahr durchf\u00fchren, unternimmt die Saline von Fuencaliente bis zu acht Ernten, die sich auf das Jahr verteilen. Nur durch diese aufwendige Arbeit ist es m\u00f6glich, ein Salz feiner K\u00f6rnung dieser Qualit\u00e4t zu ernten, das obendrein die Eigenschaften eines biologischen Produktes erf\u00fcllt.<\/p>\n<p>[\/vc_column_text][\/vc_column][\/vc_row][vc_row][vc_column]<div class=\"woocommerce columns-3 \"><ul class=\"products\">\n\t<li class=\"product type-product post-2848 status-publish first instock product_cat-sal-fina has-post-thumbnail shipping-taxable product-type-simple\">\n\t\t\n    <div class=\"top-product-section\">\n\n        <a itemprop=\"url\" href=\"https:\/\/salinasdefuencaliente.es\/de\/producto\/sal-marina-fina-teneguia-500g\/\" class=\"product-category\">\n            <span class=\"image-wrapper\">\n                        <\/span>\n        <\/a>\n\n\t\t <a id=\"woocommerce-catalog_custom_button\" href=\"https:\/\/salinasdefuencaliente.es\/de\/producto\/sal-marina-fina-teneguia-500g\/\" class=\"single_add_to_cart_button button alt\">Mehr Info<\/a>\r\n\t\t\t\t\t  <\/a>\n    <\/div>\n        <a itemprop=\"url\" href=\"https:\/\/salinasdefuencaliente.es\/de\/producto\/sal-marina-fina-teneguia-500g\/\" class=\"product-category product-info\">\n        <h6 itemprop=\"name\">Sal Marina Fina Tenegu\u00eda 500g<\/h6>\n\n        \n        \n    <\/a>\n\n    \n<\/li>\n\t<li class=\"product type-product post-2908 status-publish instock product_cat-sal-fina has-post-thumbnail shipping-taxable product-type-simple\">\n\t\t\n    <div class=\"top-product-section\">\n\n        <a itemprop=\"url\" href=\"https:\/\/salinasdefuencaliente.es\/de\/producto\/sal-marina-fina-teneguia-250g\/\" class=\"product-category\">\n            <span class=\"image-wrapper\">\n                        <\/span>\n        <\/a>\n\n\t\t <a id=\"woocommerce-catalog_custom_button\" href=\"https:\/\/salinasdefuencaliente.es\/de\/producto\/sal-marina-fina-teneguia-250g\/\" class=\"single_add_to_cart_button button alt\">Mehr Info<\/a>\r\n\t\t\t\t\t  <\/a>\n    <\/div>\n        <a itemprop=\"url\" href=\"https:\/\/salinasdefuencaliente.es\/de\/producto\/sal-marina-fina-teneguia-250g\/\" class=\"product-category product-info\">\n        <h6 itemprop=\"name\">Sal Marina Fina Tenegu\u00eda 250g<\/h6>\n\n        \n        \n    <\/a>\n\n    \n<\/li>\n\t<li class=\"product type-product post-2909 status-publish last instock product_cat-sal-fina has-post-thumbnail shipping-taxable product-type-simple\">\n\t\t\n    <div class=\"top-product-section\">\n\n        <a itemprop=\"url\" href=\"https:\/\/salinasdefuencaliente.es\/de\/producto\/sal-marina-fina-teneguia-100g\/\" class=\"product-category\">\n            <span class=\"image-wrapper\">\n                        <\/span>\n        <\/a>\n\n\t\t <a id=\"woocommerce-catalog_custom_button\" href=\"https:\/\/salinasdefuencaliente.es\/de\/producto\/sal-marina-fina-teneguia-100g\/\" class=\"single_add_to_cart_button button alt\">Mehr Info<\/a>\r\n\t\t\t\t\t  <\/a>\n    <\/div>\n        <a itemprop=\"url\" href=\"https:\/\/salinasdefuencaliente.es\/de\/producto\/sal-marina-fina-teneguia-100g\/\" class=\"product-category product-info\">\n        <h6 itemprop=\"name\">Sal Marina Fina Tenegu\u00eda 100g<\/h6>\n\n        \n        \n    <\/a>\n\n    \n<\/li>\n\t<li class=\"product type-product post-2910 status-publish first instock product_cat-sal-fina has-post-thumbnail shipping-taxable product-type-simple\">\n\t\t\n    <div class=\"top-product-section\">\n\n        <a itemprop=\"url\" href=\"https:\/\/salinasdefuencaliente.es\/de\/producto\/paquetes-sal-marina-fina-500-gr\/\" class=\"product-category\">\n            <span class=\"image-wrapper\">\n                        <\/span>\n        <\/a>\n\n\t\t <a id=\"woocommerce-catalog_custom_button\" href=\"https:\/\/salinasdefuencaliente.es\/de\/producto\/paquetes-sal-marina-fina-500-gr\/\" class=\"single_add_to_cart_button button alt\">Mehr Info<\/a>\r\n\t\t\t\t\t  <\/a>\n    <\/div>\n        <a itemprop=\"url\" href=\"https:\/\/salinasdefuencaliente.es\/de\/producto\/paquetes-sal-marina-fina-500-gr\/\" class=\"product-category product-info\">\n        <h6 itemprop=\"name\">Paquetes sal marina fina 500 gr<\/h6>\n\n        \n        \n    <\/a>\n\n    \n<\/li>\n\t<li class=\"product type-product post-2850 status-publish instock product_cat-sal-gruesa has-post-thumbnail shipping-taxable product-type-simple\">\n\t\t\n    <div class=\"top-product-section\">\n\n        <a itemprop=\"url\" href=\"https:\/\/salinasdefuencaliente.es\/de\/producto\/sal-marina-gruesa-teneguia\/\" class=\"product-category\">\n            <span class=\"image-wrapper\">\n                        <\/span>\n        <\/a>\n\n\t\t <a id=\"woocommerce-catalog_custom_button\" href=\"https:\/\/salinasdefuencaliente.es\/de\/producto\/sal-marina-gruesa-teneguia\/\" class=\"single_add_to_cart_button button alt\">Mehr Info<\/a>\r\n\t\t\t\t\t  <\/a>\n    <\/div>\n        <a itemprop=\"url\" href=\"https:\/\/salinasdefuencaliente.es\/de\/producto\/sal-marina-gruesa-teneguia\/\" class=\"product-category product-info\">\n        <h6 itemprop=\"name\">Sal Marina Gruesa Tenegu\u00eda<\/h6>\n\n        \n        \n    <\/a>\n\n    \n<\/li>\n\t<li class=\"product type-product post-2855 status-publish last instock product_cat-flor-de-sal product_tag-flor-de-sal has-post-thumbnail shipping-taxable product-type-simple\">\n\t\t\n    <div class=\"top-product-section\">\n\n        <a itemprop=\"url\" href=\"https:\/\/salinasdefuencaliente.es\/de\/producto\/flor-de-sal-100\/\" class=\"product-category\">\n            <span class=\"image-wrapper\">\n                        <\/span>\n        <\/a>\n\n\t\t <a id=\"woocommerce-catalog_custom_button\" href=\"https:\/\/salinasdefuencaliente.es\/de\/producto\/flor-de-sal-100\/\" class=\"single_add_to_cart_button button alt\">Mehr Info<\/a>\r\n\t\t\t\t\t  <\/a>\n    <\/div>\n        <a itemprop=\"url\" href=\"https:\/\/salinasdefuencaliente.es\/de\/producto\/flor-de-sal-100\/\" class=\"product-category product-info\">\n        <h6 itemprop=\"name\">Flor de Sal 100%<\/h6>\n\n        \n        \n    <\/a>\n\n    \n<\/li>\n\t<li class=\"product type-product post-2866 status-publish first instock product_cat-flor-de-sal has-post-thumbnail shipping-taxable product-type-simple\">\n\t\t\n    <div class=\"top-product-section\">\n\n        <a itemprop=\"url\" href=\"https:\/\/salinasdefuencaliente.es\/de\/producto\/sal-marina-de-vino-zeus-negramoll\/\" class=\"product-category\">\n            <span class=\"image-wrapper\">\n                        <\/span>\n        <\/a>\n\n\t\t <a id=\"woocommerce-catalog_custom_button\" href=\"https:\/\/salinasdefuencaliente.es\/de\/producto\/sal-marina-de-vino-zeus-negramoll\/\" class=\"single_add_to_cart_button button alt\">Mehr Info<\/a>\r\n\t\t\t\t\t  <\/a>\n    <\/div>\n        <a itemprop=\"url\" href=\"https:\/\/salinasdefuencaliente.es\/de\/producto\/sal-marina-de-vino-zeus-negramoll\/\" class=\"product-category product-info\">\n        <h6 itemprop=\"name\">Sal Marina de Vino Zeus NegraMoll<\/h6>\n\n        \n        \n    <\/a>\n\n    \n<\/li>\n\t<li class=\"product type-product post-2876 status-publish instock product_cat-flor-de-sal has-post-thumbnail shipping-taxable product-type-simple\">\n\t\t\n    <div class=\"top-product-section\">\n\n        <a itemprop=\"url\" href=\"https:\/\/salinasdefuencaliente.es\/de\/producto\/sal-marina-de-mojo\/\" class=\"product-category\">\n            <span class=\"image-wrapper\">\n                        <\/span>\n        <\/a>\n\n\t\t <a id=\"woocommerce-catalog_custom_button\" href=\"https:\/\/salinasdefuencaliente.es\/de\/producto\/sal-marina-de-mojo\/\" class=\"single_add_to_cart_button button alt\">Mehr Info<\/a>\r\n\t\t\t\t\t  <\/a>\n    <\/div>\n        <a itemprop=\"url\" href=\"https:\/\/salinasdefuencaliente.es\/de\/producto\/sal-marina-de-mojo\/\" class=\"product-category product-info\">\n        <h6 itemprop=\"name\">Sal Marina de Mojo<\/h6>\n\n        \n        \n    <\/a>\n\n    \n<\/li>\n\t<li class=\"product type-product post-2877 status-publish last instock product_cat-flor-de-sal has-post-thumbnail shipping-taxable product-type-simple\">\n\t\t\n    <div class=\"top-product-section\">\n\n        <a itemprop=\"url\" href=\"https:\/\/salinasdefuencaliente.es\/de\/producto\/sal-marina-lemon-pepper\/\" class=\"product-category\">\n            <span class=\"image-wrapper\">\n                        <\/span>\n        <\/a>\n\n\t\t <a id=\"woocommerce-catalog_custom_button\" href=\"https:\/\/salinasdefuencaliente.es\/de\/producto\/sal-marina-lemon-pepper\/\" class=\"single_add_to_cart_button button alt\">Mehr Info<\/a>\r\n\t\t\t\t\t  <\/a>\n    <\/div>\n        <a itemprop=\"url\" href=\"https:\/\/salinasdefuencaliente.es\/de\/producto\/sal-marina-lemon-pepper\/\" class=\"product-category product-info\">\n        <h6 itemprop=\"name\">Sal Marina Lemon &#038; Pepper<\/h6>\n\n        \n        \n    <\/a>\n\n    \n<\/li>\n\t<li class=\"product type-product post-2886 status-publish first instock product_cat-sal-aromatizada has-post-thumbnail shipping-taxable product-type-simple\">\n\t\t\n    <div class=\"top-product-section\">\n\n        <a itemprop=\"url\" href=\"https:\/\/salinasdefuencaliente.es\/de\/producto\/sales-aromatizadas-del-chef\/\" class=\"product-category\">\n            <span class=\"image-wrapper\">\n                        <\/span>\n        <\/a>\n\n\t\t <a id=\"woocommerce-catalog_custom_button\" href=\"https:\/\/salinasdefuencaliente.es\/de\/producto\/sales-aromatizadas-del-chef\/\" class=\"single_add_to_cart_button button alt\">Mehr Info<\/a>\r\n\t\t\t\t\t  <\/a>\n    <\/div>\n        <a itemprop=\"url\" href=\"https:\/\/salinasdefuencaliente.es\/de\/producto\/sales-aromatizadas-del-chef\/\" class=\"product-category product-info\">\n        <h6 itemprop=\"name\">Sales aromatizadas del Chef<\/h6>\n\n        \n        \n    <\/a>\n\n    \n<\/li>\n\t<li class=\"product type-product post-2911 status-publish instock product_cat-flor-de-sal has-post-thumbnail shipping-taxable product-type-simple\">\n\t\t\n    <div class=\"top-product-section\">\n\n        <a itemprop=\"url\" href=\"https:\/\/salinasdefuencaliente.es\/de\/producto\/envase-vidrio-flor-de-sal-200-g\/\" class=\"product-category\">\n            <span class=\"image-wrapper\">\n                        <\/span>\n        <\/a>\n\n\t\t <a id=\"woocommerce-catalog_custom_button\" href=\"https:\/\/salinasdefuencaliente.es\/de\/producto\/envase-vidrio-flor-de-sal-200-g\/\" class=\"single_add_to_cart_button button alt\">Mehr Info<\/a>\r\n\t\t\t\t\t  <\/a>\n    <\/div>\n        <a itemprop=\"url\" href=\"https:\/\/salinasdefuencaliente.es\/de\/producto\/envase-vidrio-flor-de-sal-200-g\/\" class=\"product-category product-info\">\n        <h6 itemprop=\"name\">Envase vidrio flor de sal &#8211; 200 g<\/h6>\n\n        \n        \n    <\/a>\n\n    \n<\/li>\n\t<li class=\"product type-product post-2915 status-publish last instock product_cat-flor-de-sal has-post-thumbnail shipping-taxable product-type-simple\">\n\t\t\n    <div class=\"top-product-section\">\n\n        <a itemprop=\"url\" href=\"https:\/\/salinasdefuencaliente.es\/de\/producto\/flor-de-sal-pura-escama\/\" class=\"product-category\">\n            <span class=\"image-wrapper\">\n                        <\/span>\n        <\/a>\n\n\t\t <a id=\"woocommerce-catalog_custom_button\" href=\"https:\/\/salinasdefuencaliente.es\/de\/producto\/flor-de-sal-pura-escama\/\" class=\"single_add_to_cart_button button alt\">Mehr Info<\/a>\r\n\t\t\t\t\t  <\/a>\n    <\/div>\n        <a itemprop=\"url\" href=\"https:\/\/salinasdefuencaliente.es\/de\/producto\/flor-de-sal-pura-escama\/\" class=\"product-category product-info\">\n        <h6 itemprop=\"name\">Flor de Sal Pura Escama<\/h6>\n\n        \n        \n    <\/a>\n\n    \n<\/li><\/ul>\n<\/div>[\/vc_column][\/vc_row]<\/p>\n<\/section>","protected":false},"excerpt":{"rendered":"<p>Das Meersalz bildet eines der best\u221a\u00a7ndigsten Elemente in der Ern\u221a\u00a7hrungsgeschichte schon seit pr\u221a\u00a7historischer Zeit. Insbesondere als Speisew\u221a\u00barze in der Schonkost, aber auch als Konservierungsmittel f\u221a\u00bar verderbliche Lebensmittel wie Fleisch und Fisch fand das Meersalz seit jeher Anwendung.<\/p>\n","protected":false},"author":1,"featured_media":0,"parent":0,"menu_order":0,"comment_status":"closed","ping_status":"closed","template":"","meta":[],"yoast_head":"<!-- This site is optimized with the Yoast SEO plugin v21.6 - https:\/\/yoast.com\/wordpress\/plugins\/seo\/ -->\n<title>Produkte - Salinas Marinas de Fuencaliente S.L.<\/title>\n<meta name=\"robots\" content=\"index, follow, max-snippet:-1, max-image-preview:large, max-video-preview:-1\" \/>\n<link rel=\"canonical\" href=\"https:\/\/salinasdefuencaliente.es\/de\/produkte\/\" \/>\n<meta property=\"og:locale\" content=\"de_DE\" \/>\n<meta property=\"og:type\" content=\"article\" \/>\n<meta property=\"og:title\" content=\"Produkte - Salinas Marinas de Fuencaliente S.L.\" \/>\n<meta property=\"og:description\" content=\"Das Meersalz bildet eines der best\u221a\u00a7ndigsten Elemente in der Ern\u221a\u00a7hrungsgeschichte schon seit pr\u221a\u00a7historischer Zeit. Insbesondere als Speisew\u221a\u00barze in der Schonkost, aber auch als Konservierungsmittel f\u221a\u00bar verderbliche Lebensmittel wie Fleisch und Fisch fand das Meersalz seit jeher Anwendung.\" \/>\n<meta property=\"og:url\" content=\"https:\/\/salinasdefuencaliente.es\/de\/produkte\/\" \/>\n<meta property=\"og:site_name\" content=\"Salinas Marinas de Fuencaliente S.L.\" \/>\n<meta property=\"article:modified_time\" content=\"2024-03-18T11:53:48+00:00\" \/>\n<meta name=\"twitter:card\" content=\"summary_large_image\" \/>\n<meta name=\"twitter:label1\" content=\"Gesch\u00e4tzte Lesezeit\" \/>\n\t<meta name=\"twitter:data1\" content=\"2\u00a0Minuten\" \/>\n<script type=\"application\/ld+json\" class=\"yoast-schema-graph\">{\"@context\":\"https:\/\/schema.org\",\"@graph\":[{\"@type\":\"WebPage\",\"@id\":\"https:\/\/salinasdefuencaliente.es\/de\/produkte\/\",\"url\":\"https:\/\/salinasdefuencaliente.es\/de\/produkte\/\",\"name\":\"Produkte - Salinas Marinas de Fuencaliente S.L.\",\"isPartOf\":{\"@id\":\"https:\/\/salinasdefuencaliente.es\/#website\"},\"datePublished\":\"2012-10-14T17:07:40+00:00\",\"dateModified\":\"2024-03-18T11:53:48+00:00\",\"breadcrumb\":{\"@id\":\"https:\/\/salinasdefuencaliente.es\/de\/produkte\/#breadcrumb\"},\"inLanguage\":\"de\",\"potentialAction\":[{\"@type\":\"ReadAction\",\"target\":[\"https:\/\/salinasdefuencaliente.es\/de\/produkte\/\"]}]},{\"@type\":\"BreadcrumbList\",\"@id\":\"https:\/\/salinasdefuencaliente.es\/de\/produkte\/#breadcrumb\",\"itemListElement\":[{\"@type\":\"ListItem\",\"position\":1,\"name\":\"Portada\",\"item\":\"https:\/\/salinasdefuencaliente.es\/de\/\"},{\"@type\":\"ListItem\",\"position\":2,\"name\":\"Produkte\"}]},{\"@type\":\"WebSite\",\"@id\":\"https:\/\/salinasdefuencaliente.es\/#website\",\"url\":\"https:\/\/salinasdefuencaliente.es\/\",\"name\":\"Salinas Marinas de Fuencaliente S.L.\",\"description\":\"Un lugar donde el blanco y el negro se funde para dar vida. Salinas artesanales, en la Isla de La Palma, Canarias\",\"potentialAction\":[{\"@type\":\"SearchAction\",\"target\":{\"@type\":\"EntryPoint\",\"urlTemplate\":\"https:\/\/salinasdefuencaliente.es\/?s={search_term_string}\"},\"query-input\":\"required name=search_term_string\"}],\"inLanguage\":\"de\"}]}<\/script>\n<!-- \/ Yoast SEO plugin. -->","yoast_head_json":{"title":"Produkte - Salinas Marinas de Fuencaliente S.L.","robots":{"index":"index","follow":"follow","max-snippet":"max-snippet:-1","max-image-preview":"max-image-preview:large","max-video-preview":"max-video-preview:-1"},"canonical":"https:\/\/salinasdefuencaliente.es\/de\/produkte\/","og_locale":"de_DE","og_type":"article","og_title":"Produkte - Salinas Marinas de Fuencaliente S.L.","og_description":"Das Meersalz bildet eines der best\u221a\u00a7ndigsten Elemente in der Ern\u221a\u00a7hrungsgeschichte schon seit pr\u221a\u00a7historischer Zeit. Insbesondere als Speisew\u221a\u00barze in der Schonkost, aber auch als Konservierungsmittel f\u221a\u00bar verderbliche Lebensmittel wie Fleisch und Fisch fand das Meersalz seit jeher Anwendung.","og_url":"https:\/\/salinasdefuencaliente.es\/de\/produkte\/","og_site_name":"Salinas Marinas de Fuencaliente S.L.","article_modified_time":"2024-03-18T11:53:48+00:00","twitter_card":"summary_large_image","twitter_misc":{"Gesch\u00e4tzte Lesezeit":"2\u00a0Minuten"},"schema":{"@context":"https:\/\/schema.org","@graph":[{"@type":"WebPage","@id":"https:\/\/salinasdefuencaliente.es\/de\/produkte\/","url":"https:\/\/salinasdefuencaliente.es\/de\/produkte\/","name":"Produkte - Salinas Marinas de Fuencaliente S.L.","isPartOf":{"@id":"https:\/\/salinasdefuencaliente.es\/#website"},"datePublished":"2012-10-14T17:07:40+00:00","dateModified":"2024-03-18T11:53:48+00:00","breadcrumb":{"@id":"https:\/\/salinasdefuencaliente.es\/de\/produkte\/#breadcrumb"},"inLanguage":"de","potentialAction":[{"@type":"ReadAction","target":["https:\/\/salinasdefuencaliente.es\/de\/produkte\/"]}]},{"@type":"BreadcrumbList","@id":"https:\/\/salinasdefuencaliente.es\/de\/produkte\/#breadcrumb","itemListElement":[{"@type":"ListItem","position":1,"name":"Portada","item":"https:\/\/salinasdefuencaliente.es\/de\/"},{"@type":"ListItem","position":2,"name":"Produkte"}]},{"@type":"WebSite","@id":"https:\/\/salinasdefuencaliente.es\/#website","url":"https:\/\/salinasdefuencaliente.es\/","name":"Salinas Marinas de Fuencaliente S.L.","description":"Un lugar donde el blanco y el negro se funde para dar vida. Salinas artesanales, en la Isla de La Palma, Canarias","potentialAction":[{"@type":"SearchAction","target":{"@type":"EntryPoint","urlTemplate":"https:\/\/salinasdefuencaliente.es\/?s={search_term_string}"},"query-input":"required name=search_term_string"}],"inLanguage":"de"}]}},"_links":{"self":[{"href":"https:\/\/salinasdefuencaliente.es\/de\/wp-json\/wp\/v2\/pages\/472"}],"collection":[{"href":"https:\/\/salinasdefuencaliente.es\/de\/wp-json\/wp\/v2\/pages"}],"about":[{"href":"https:\/\/salinasdefuencaliente.es\/de\/wp-json\/wp\/v2\/types\/page"}],"author":[{"embeddable":true,"href":"https:\/\/salinasdefuencaliente.es\/de\/wp-json\/wp\/v2\/users\/1"}],"replies":[{"embeddable":true,"href":"https:\/\/salinasdefuencaliente.es\/de\/wp-json\/wp\/v2\/comments?post=472"}],"version-history":[{"count":6,"href":"https:\/\/salinasdefuencaliente.es\/de\/wp-json\/wp\/v2\/pages\/472\/revisions"}],"predecessor-version":[{"id":3177,"href":"https:\/\/salinasdefuencaliente.es\/de\/wp-json\/wp\/v2\/pages\/472\/revisions\/3177"}],"wp:attachment":[{"href":"https:\/\/salinasdefuencaliente.es\/de\/wp-json\/wp\/v2\/media?parent=472"}],"curies":[{"name":"wp","href":"https:\/\/api.w.org\/{rel}","templated":true}]}}